{"id":581,"date":"2021-04-17T15:04:26","date_gmt":"2021-04-17T20:04:26","guid":{"rendered":"https:\/\/centrocic.com\/?page_id=581"},"modified":"2025-11-24T09:12:22","modified_gmt":"2025-11-24T14:12:22","slug":"blog","status":"publish","type":"page","link":"https:\/\/centrocic.com\/en\/blog\/","title":{"rendered":"Blog"},"content":{"rendered":"<div data-elementor-type=\"wp-page\" data-elementor-id=\"581\" class=\"elementor elementor-581\" data-elementor-post-type=\"page\">\n\t\t\t\t\t\t<section class=\"elementor-section elementor-top-section elementor-element elementor-element-b4b5047 elementor-hidden-phone elementor-section-boxed elementor-section-height-default elementor-section-height-default\" data-id=\"b4b5047\" data-element_type=\"section\" data-e-type=\"section\">\n\t\t\t\t\t\t<div class=\"elementor-container elementor-column-gap-default\">\n\t\t\t\t\t<div class=\"elementor-column elementor-col-100 elementor-top-column elementor-element elementor-element-9f33adb\" data-id=\"9f33adb\" data-element_type=\"column\" data-e-type=\"column\">\n\t\t\t<div class=\"elementor-widget-wrap elementor-element-populated\">\n\t\t\t\t\t\t<div class=\"elementor-element elementor-element-7bd39ea elementor-grid-mobile-2 elementor-grid-3 elementor-grid-tablet-2 elementor-posts--thumbnail-top elementor-card-shadow-yes elementor-posts__hover-gradient elementor-widget elementor-widget-posts\" data-id=\"7bd39ea\" data-element_type=\"widget\" data-e-type=\"widget\" data-settings=\"{&quot;pagination_type&quot;:&quot;numbers_and_prev_next&quot;,&quot;cards_columns_mobile&quot;:&quot;2&quot;,&quot;cards_columns&quot;:&quot;3&quot;,&quot;cards_columns_tablet&quot;:&quot;2&quot;,&quot;cards_row_gap&quot;:{&quot;unit&quot;:&quot;px&quot;,&quot;size&quot;:35,&quot;sizes&quot;:[]},&quot;cards_row_gap_laptop&quot;:{&quot;unit&quot;:&quot;px&quot;,&quot;size&quot;:&quot;&quot;,&quot;sizes&quot;:[]},&quot;cards_row_gap_tablet&quot;:{&quot;unit&quot;:&quot;px&quot;,&quot;size&quot;:&quot;&quot;,&quot;sizes&quot;:[]},&quot;cards_row_gap_mobile&quot;:{&quot;unit&quot;:&quot;px&quot;,&quot;size&quot;:&quot;&quot;,&quot;sizes&quot;:[]}}\" data-widget_type=\"posts.cards\">\n\t\t\t\t<div class=\"elementor-widget-container\">\n\t\t\t\t\t\t\t<div class=\"elementor-posts-container elementor-posts elementor-posts--skin-cards elementor-grid\" role=\"list\">\n\t\t\t\t<article class=\"elementor-post elementor-grid-item post-6728 post type-post status-publish format-standard has-post-thumbnail hentry category-general tag-centro-cic tag-consentimiento-informado tag-derechos-del-participante tag-estudios-clinicos tag-etica-en-investigacion tag-investigacion-clinica-responsable\" role=\"listitem\">\n\t\t\t<div class=\"elementor-post__card\">\n\t\t\t\t<a class=\"elementor-post__thumbnail__link\" href=\"https:\/\/centrocic.com\/en\/ensayos-clinicos-en-2026-fases-objetivos-y-que-significa-participar-2\/\" tabindex=\"-1\" ><div class=\"elementor-post__thumbnail\"><img fetchpriority=\"high\" decoding=\"async\" width=\"768\" height=\"512\" src=\"https:\/\/centrocic.com\/wp-content\/uploads\/2026\/02\/ChatGPT-Image-18-feb-2026-10_34_37-768x512.png\" class=\"attachment-medium_large size-medium_large wp-image-6731\" alt=\"\" srcset=\"https:\/\/centrocic.com\/wp-content\/uploads\/2026\/02\/ChatGPT-Image-18-feb-2026-10_34_37-768x512.png 768w, https:\/\/centrocic.com\/wp-content\/uploads\/2026\/02\/ChatGPT-Image-18-feb-2026-10_34_37-300x200.png 300w, https:\/\/centrocic.com\/wp-content\/uploads\/2026\/02\/ChatGPT-Image-18-feb-2026-10_34_37-1024x683.png 1024w, https:\/\/centrocic.com\/wp-content\/uploads\/2026\/02\/ChatGPT-Image-18-feb-2026-10_34_37-18x12.png 18w, https:\/\/centrocic.com\/wp-content\/uploads\/2026\/02\/ChatGPT-Image-18-feb-2026-10_34_37.png 1536w\" sizes=\"(max-width: 768px) 100vw, 768px\" \/><\/div><\/a>\n\t\t\t\t<div class=\"elementor-post__badge\">General<\/div>\n\t\t\t\t<div class=\"elementor-post__text\">\n\t\t\t\t<h3 class=\"elementor-post__title\">\n\t\t\t<a href=\"https:\/\/centrocic.com\/en\/ensayos-clinicos-en-2026-fases-objetivos-y-que-significa-participar-2\/\" >\n\t\t\t\tEl consentimiento informado: base de la investigaci\u00f3n cl\u00ednica responsable\t\t\t<\/a>\n\t\t<\/h3>\n\t\t\t\t<div class=\"elementor-post__excerpt\">\n\t\t\t<p>El consentimiento informado es un proceso esencial en la investigaci\u00f3n cl\u00ednica. Centro CIC garantiza que cada participante reciba informaci\u00f3n clara y tome decisiones libres y conscientes.<\/p>\n\t\t<\/div>\n\t\t\n\t\t<a class=\"elementor-post__read-more\" href=\"https:\/\/centrocic.com\/en\/ensayos-clinicos-en-2026-fases-objetivos-y-que-significa-participar-2\/\" aria-label=\"Read more about El consentimiento informado: base de la investigaci\u00f3n cl\u00ednica responsable\" tabindex=\"-1\" >\n\t\t\tSee more \u00bb\t\t<\/a>\n\n\t\t\t\t<\/div>\n\t\t\t\t<div class=\"elementor-post__meta-data\">\n\t\t\t\t\t<span class=\"elementor-post-date\">\n\t\t\t27 de February de 2026\t\t<\/span>\n\t\t\t\t<\/div>\n\t\t\t\t\t<\/div>\n\t\t<\/article>\n\t\t\t\t<article class=\"elementor-post elementor-grid-item post-6721 post type-post status-publish format-standard has-post-thumbnail hentry category-general tag-centro-cic tag-estudios-clinicos-seguros tag-etica-en-ensayos-clinicos tag-investigacion-clinica-en-colombia tag-proteccion-de-participantes tag-seguridad-en-investigacion-clinica\" role=\"listitem\">\n\t\t\t<div class=\"elementor-post__card\">\n\t\t\t\t<a class=\"elementor-post__thumbnail__link\" href=\"https:\/\/centrocic.com\/en\/seguridad-y-etica-en-la-investigacion-clinica-con-seres-humanos\/\" tabindex=\"-1\" ><div class=\"elementor-post__thumbnail\"><img decoding=\"async\" width=\"768\" height=\"512\" src=\"https:\/\/centrocic.com\/wp-content\/uploads\/2026\/02\/ChatGPT-Image-18-feb-2026-10_30_05-768x512.png\" class=\"attachment-medium_large size-medium_large wp-image-6724\" alt=\"\" srcset=\"https:\/\/centrocic.com\/wp-content\/uploads\/2026\/02\/ChatGPT-Image-18-feb-2026-10_30_05-768x512.png 768w, https:\/\/centrocic.com\/wp-content\/uploads\/2026\/02\/ChatGPT-Image-18-feb-2026-10_30_05-300x200.png 300w, https:\/\/centrocic.com\/wp-content\/uploads\/2026\/02\/ChatGPT-Image-18-feb-2026-10_30_05-1024x683.png 1024w, https:\/\/centrocic.com\/wp-content\/uploads\/2026\/02\/ChatGPT-Image-18-feb-2026-10_30_05-18x12.png 18w, https:\/\/centrocic.com\/wp-content\/uploads\/2026\/02\/ChatGPT-Image-18-feb-2026-10_30_05.png 1536w\" sizes=\"(max-width: 768px) 100vw, 768px\" \/><\/div><\/a>\n\t\t\t\t<div class=\"elementor-post__badge\">General<\/div>\n\t\t\t\t<div class=\"elementor-post__text\">\n\t\t\t\t<h3 class=\"elementor-post__title\">\n\t\t\t<a href=\"https:\/\/centrocic.com\/en\/seguridad-y-etica-en-la-investigacion-clinica-con-seres-humanos\/\" >\n\t\t\t\tSeguridad y \u00e9tica en la investigaci\u00f3n cl\u00ednica con seres humanos\t\t\t<\/a>\n\t\t<\/h3>\n\t\t\t\t<div class=\"elementor-post__excerpt\">\n\t\t\t<p>La seguridad y la \u00e9tica son pilares fundamentales de la investigaci\u00f3n cl\u00ednica. En Centro CIC, estos principios orientan cada estudio para proteger a los participantes y garantizar procesos responsables y confiables.<\/p>\n\t\t<\/div>\n\t\t\n\t\t<a class=\"elementor-post__read-more\" href=\"https:\/\/centrocic.com\/en\/seguridad-y-etica-en-la-investigacion-clinica-con-seres-humanos\/\" aria-label=\"Read more about Seguridad y \u00e9tica en la investigaci\u00f3n cl\u00ednica con seres humanos\" tabindex=\"-1\" >\n\t\t\tSee more \u00bb\t\t<\/a>\n\n\t\t\t\t<\/div>\n\t\t\t\t<div class=\"elementor-post__meta-data\">\n\t\t\t\t\t<span class=\"elementor-post-date\">\n\t\t\t10 de February de 2026\t\t<\/span>\n\t\t\t\t<\/div>\n\t\t\t\t\t<\/div>\n\t\t<\/article>\n\t\t\t\t<article class=\"elementor-post elementor-grid-item post-6695 post type-post status-publish format-standard has-post-thumbnail hentry category-general tag-centro-cic tag-ensayos-clinicos tag-estudios-clinicos tag-fases-de-los-ensayos-clinicos tag-investigacion-clinica tag-investigacion-medica-2026 tag-participacion-en-ensayos-clinicos\" role=\"listitem\">\n\t\t\t<div class=\"elementor-post__card\">\n\t\t\t\t<a class=\"elementor-post__thumbnail__link\" href=\"https:\/\/centrocic.com\/en\/ensayos-clinicos-en-2026-fases-objetivos-y-que-significa-participar\/\" tabindex=\"-1\" ><div class=\"elementor-post__thumbnail\"><img decoding=\"async\" width=\"768\" height=\"768\" src=\"https:\/\/centrocic.com\/wp-content\/uploads\/2026\/01\/Plantilla-Imagen-destacada-blog2-768x768.png\" class=\"attachment-medium_large size-medium_large wp-image-6680\" alt=\"\" srcset=\"https:\/\/centrocic.com\/wp-content\/uploads\/2026\/01\/Plantilla-Imagen-destacada-blog2-768x768.png 768w, https:\/\/centrocic.com\/wp-content\/uploads\/2026\/01\/Plantilla-Imagen-destacada-blog2-300x300.png 300w, https:\/\/centrocic.com\/wp-content\/uploads\/2026\/01\/Plantilla-Imagen-destacada-blog2-150x150.png 150w, https:\/\/centrocic.com\/wp-content\/uploads\/2026\/01\/Plantilla-Imagen-destacada-blog2-12x12.png 12w, https:\/\/centrocic.com\/wp-content\/uploads\/2026\/01\/Plantilla-Imagen-destacada-blog2.png 800w\" sizes=\"(max-width: 768px) 100vw, 768px\" \/><\/div><\/a>\n\t\t\t\t<div class=\"elementor-post__badge\">General<\/div>\n\t\t\t\t<div class=\"elementor-post__text\">\n\t\t\t\t<h3 class=\"elementor-post__title\">\n\t\t\t<a href=\"https:\/\/centrocic.com\/en\/ensayos-clinicos-en-2026-fases-objetivos-y-que-significa-participar\/\" >\n\t\t\t\tEnsayos cl\u00ednicos en 2026: fases, objetivos y qu\u00e9 significa participar\t\t\t<\/a>\n\t\t<\/h3>\n\t\t\t\t<div class=\"elementor-post__excerpt\">\n\t\t\t<p>Los ensayos cl\u00ednicos son estudios cient\u00edficos esenciales para el desarrollo de nuevos tratamientos. Conocer sus fases, objetivos y el significado de participar permite comprender su importancia en la investigaci\u00f3n cl\u00ednica en 2026.<\/p>\n\t\t<\/div>\n\t\t\n\t\t<a class=\"elementor-post__read-more\" href=\"https:\/\/centrocic.com\/en\/ensayos-clinicos-en-2026-fases-objetivos-y-que-significa-participar\/\" aria-label=\"Read more about Ensayos cl\u00ednicos en 2026: fases, objetivos y qu\u00e9 significa participar\" tabindex=\"-1\" >\n\t\t\tSee more \u00bb\t\t<\/a>\n\n\t\t\t\t<\/div>\n\t\t\t\t<div class=\"elementor-post__meta-data\">\n\t\t\t\t\t<span class=\"elementor-post-date\">\n\t\t\t1 de January de 2026\t\t<\/span>\n\t\t\t\t<\/div>\n\t\t\t\t\t<\/div>\n\t\t<\/article>\n\t\t\t\t<article class=\"elementor-post elementor-grid-item post-6690 post type-post status-publish format-standard has-post-thumbnail hentry category-general tag-centro-cic tag-centro-de-investigacion-clinica tag-estudios-clinicos tag-investigacion-clinica tag-investigacion-en-salud tag-investigacion-medica-en-colombia-2026\" role=\"listitem\">\n\t\t\t<div class=\"elementor-post__card\">\n\t\t\t\t<a class=\"elementor-post__thumbnail__link\" href=\"https:\/\/centrocic.com\/en\/investigacion-clinica-en-2026-que-es-y-por-que-es-clave-para-el-avance-de-la-salud\/\" tabindex=\"-1\" ><div class=\"elementor-post__thumbnail\"><img loading=\"lazy\" decoding=\"async\" width=\"768\" height=\"768\" src=\"https:\/\/centrocic.com\/wp-content\/uploads\/2026\/01\/Plantilla-Imagen-destacada-blog-768x768.png\" class=\"attachment-medium_large size-medium_large wp-image-6678\" alt=\"\" srcset=\"https:\/\/centrocic.com\/wp-content\/uploads\/2026\/01\/Plantilla-Imagen-destacada-blog-768x768.png 768w, https:\/\/centrocic.com\/wp-content\/uploads\/2026\/01\/Plantilla-Imagen-destacada-blog-300x300.png 300w, https:\/\/centrocic.com\/wp-content\/uploads\/2026\/01\/Plantilla-Imagen-destacada-blog-150x150.png 150w, https:\/\/centrocic.com\/wp-content\/uploads\/2026\/01\/Plantilla-Imagen-destacada-blog-12x12.png 12w, https:\/\/centrocic.com\/wp-content\/uploads\/2026\/01\/Plantilla-Imagen-destacada-blog.png 800w\" sizes=\"(max-width: 768px) 100vw, 768px\" \/><\/div><\/a>\n\t\t\t\t<div class=\"elementor-post__badge\">General<\/div>\n\t\t\t\t<div class=\"elementor-post__text\">\n\t\t\t\t<h3 class=\"elementor-post__title\">\n\t\t\t<a href=\"https:\/\/centrocic.com\/en\/investigacion-clinica-en-2026-que-es-y-por-que-es-clave-para-el-avance-de-la-salud\/\" >\n\t\t\t\tInvestigaci\u00f3n cl\u00ednica en 2026: qu\u00e9 es y por qu\u00e9 es clave para el avance de la salud\t\t\t<\/a>\n\t\t<\/h3>\n\t\t\t\t<div class=\"elementor-post__excerpt\">\n\t\t\t<p>La investigaci\u00f3n cl\u00ednica es un pilar fundamental para el desarrollo de nuevos tratamientos y el avance del conocimiento m\u00e9dico. En 2026, su rol contin\u00faa siendo esencial para mejorar la atenci\u00f3n en salud.<\/p>\n\t\t<\/div>\n\t\t\n\t\t<a class=\"elementor-post__read-more\" href=\"https:\/\/centrocic.com\/en\/investigacion-clinica-en-2026-que-es-y-por-que-es-clave-para-el-avance-de-la-salud\/\" aria-label=\"Read more about Investigaci\u00f3n cl\u00ednica en 2026: qu\u00e9 es y por qu\u00e9 es clave para el avance de la salud\" tabindex=\"-1\" >\n\t\t\tSee more \u00bb\t\t<\/a>\n\n\t\t\t\t<\/div>\n\t\t\t\t<div class=\"elementor-post__meta-data\">\n\t\t\t\t\t<span class=\"elementor-post-date\">\n\t\t\t1 de January de 2026\t\t<\/span>\n\t\t\t\t<\/div>\n\t\t\t\t\t<\/div>\n\t\t<\/article>\n\t\t\t\t<article class=\"elementor-post elementor-grid-item post-6648 post type-post status-publish format-standard has-post-thumbnail hentry category-general\" role=\"listitem\">\n\t\t\t<div class=\"elementor-post__card\">\n\t\t\t\t<a class=\"elementor-post__thumbnail__link\" href=\"https:\/\/centrocic.com\/en\/dia-internacional-del-medico-un-homenaje-a-quienes-transforman-la-salud\/\" tabindex=\"-1\" ><div class=\"elementor-post__thumbnail\"><img loading=\"lazy\" decoding=\"async\" width=\"768\" height=\"768\" src=\"https:\/\/centrocic.com\/wp-content\/uploads\/2025\/12\/WhatsApp-Image-2025-12-02-at-10.17.37-PM-768x768.jpeg\" class=\"attachment-medium_large size-medium_large wp-image-6650\" alt=\"\" srcset=\"https:\/\/centrocic.com\/wp-content\/uploads\/2025\/12\/WhatsApp-Image-2025-12-02-at-10.17.37-PM-768x768.jpeg 768w, https:\/\/centrocic.com\/wp-content\/uploads\/2025\/12\/WhatsApp-Image-2025-12-02-at-10.17.37-PM-300x300.jpeg 300w, https:\/\/centrocic.com\/wp-content\/uploads\/2025\/12\/WhatsApp-Image-2025-12-02-at-10.17.37-PM-1024x1024.jpeg 1024w, https:\/\/centrocic.com\/wp-content\/uploads\/2025\/12\/WhatsApp-Image-2025-12-02-at-10.17.37-PM-150x150.jpeg 150w, https:\/\/centrocic.com\/wp-content\/uploads\/2025\/12\/WhatsApp-Image-2025-12-02-at-10.17.37-PM-1536x1536.jpeg 1536w, https:\/\/centrocic.com\/wp-content\/uploads\/2025\/12\/WhatsApp-Image-2025-12-02-at-10.17.37-PM-12x12.jpeg 12w, https:\/\/centrocic.com\/wp-content\/uploads\/2025\/12\/WhatsApp-Image-2025-12-02-at-10.17.37-PM.jpeg 1600w\" sizes=\"(max-width: 768px) 100vw, 768px\" \/><\/div><\/a>\n\t\t\t\t<div class=\"elementor-post__badge\">General<\/div>\n\t\t\t\t<div class=\"elementor-post__text\">\n\t\t\t\t<h3 class=\"elementor-post__title\">\n\t\t\t<a href=\"https:\/\/centrocic.com\/en\/dia-internacional-del-medico-un-homenaje-a-quienes-transforman-la-salud\/\" >\n\t\t\t\tD\u00eda Internacional del M\u00e9dico: un homenaje a quienes transforman la salud\t\t\t<\/a>\n\t\t<\/h3>\n\t\t\t\t<div class=\"elementor-post__excerpt\">\n\t\t\t<p>En el D\u00eda Internacional del M\u00e9dico, el Centro de Investigaci\u00f3n Cl\u00ednica CIC rinde homenaje a quienes dedican su vida al cuidado, la ciencia y la salud de las personas. Su labor, guiada por la vocaci\u00f3n y el servicio, impulsa el avance m\u00e9dico y fortalece la confianza de miles de pacientes. Hoy agradecemos su entrega, humanidad y compromiso con la vida.<\/p>\n\t\t<\/div>\n\t\t\n\t\t<a class=\"elementor-post__read-more\" href=\"https:\/\/centrocic.com\/en\/dia-internacional-del-medico-un-homenaje-a-quienes-transforman-la-salud\/\" aria-label=\"Read more about D\u00eda Internacional del M\u00e9dico: un homenaje a quienes transforman la salud\" tabindex=\"-1\" >\n\t\t\tSee more \u00bb\t\t<\/a>\n\n\t\t\t\t<\/div>\n\t\t\t\t<div class=\"elementor-post__meta-data\">\n\t\t\t\t\t<span class=\"elementor-post-date\">\n\t\t\t3 de December de 2025\t\t<\/span>\n\t\t\t\t<\/div>\n\t\t\t\t\t<\/div>\n\t\t<\/article>\n\t\t\t\t<article class=\"elementor-post elementor-grid-item post-6477 post type-post status-publish format-standard has-post-thumbnail hentry category-general tag-centro-de-investigacion-clinica-cic-3 tag-dia-mundial-de-la-epoc tag-diagnostico-temprano tag-dificultad-para-respirar tag-enfermedad-pulmonar-obstructiva-cronica tag-enfermedades-respiratorias tag-epoc tag-factores-de-riesgo-epoc tag-prevencion-de-epoc tag-pulmones tag-salud-respiratoria tag-sintomas-de-epoc tag-tabaquismo\" role=\"listitem\">\n\t\t\t<div class=\"elementor-post__card\">\n\t\t\t\t<a class=\"elementor-post__thumbnail__link\" href=\"https:\/\/centrocic.com\/en\/dia-mundial-de-la-epoc-un-llamado-a-cuidar-la-salud-respiratoria\/\" tabindex=\"-1\" ><div class=\"elementor-post__thumbnail\"><img loading=\"lazy\" decoding=\"async\" width=\"768\" height=\"1001\" src=\"https:\/\/centrocic.com\/wp-content\/uploads\/2025\/11\/WhatsApp-Image-2025-11-19-at-9.12.13-AM-e1763663008278-768x1001.jpeg\" class=\"attachment-medium_large size-medium_large wp-image-6479\" alt=\"\" srcset=\"https:\/\/centrocic.com\/wp-content\/uploads\/2025\/11\/WhatsApp-Image-2025-11-19-at-9.12.13-AM-e1763663008278-768x1001.jpeg 768w, https:\/\/centrocic.com\/wp-content\/uploads\/2025\/11\/WhatsApp-Image-2025-11-19-at-9.12.13-AM-e1763663008278-230x300.jpeg 230w, https:\/\/centrocic.com\/wp-content\/uploads\/2025\/11\/WhatsApp-Image-2025-11-19-at-9.12.13-AM-e1763663008278-786x1024.jpeg 786w, https:\/\/centrocic.com\/wp-content\/uploads\/2025\/11\/WhatsApp-Image-2025-11-19-at-9.12.13-AM-e1763663008278-9x12.jpeg 9w, https:\/\/centrocic.com\/wp-content\/uploads\/2025\/11\/WhatsApp-Image-2025-11-19-at-9.12.13-AM-e1763663008278.jpeg 971w\" sizes=\"(max-width: 768px) 100vw, 768px\" \/><\/div><\/a>\n\t\t\t\t<div class=\"elementor-post__badge\">General<\/div>\n\t\t\t\t<div class=\"elementor-post__text\">\n\t\t\t\t<h3 class=\"elementor-post__title\">\n\t\t\t<a href=\"https:\/\/centrocic.com\/en\/dia-mundial-de-la-epoc-un-llamado-a-cuidar-la-salud-respiratoria\/\" >\n\t\t\t\tD\u00eda Mundial de la EPOC: un llamado a cuidar la salud respiratoria\t\t\t<\/a>\n\t\t<\/h3>\n\t\t\t\t<div class=\"elementor-post__excerpt\">\n\t\t\t<p>La Enfermedad Pulmonar Obstructiva Cr\u00f3nica (EPOC) es una afecci\u00f3n respiratoria progresiva que afecta la capacidad de las personas para respirar adecuadamente. Cada 19 de noviembre se conmemora el D\u00eda Mundial de la EPOC, una fecha creada para promover la prevenci\u00f3n, el diagn\u00f3stico temprano y el tratamiento oportuno. Aunque no tiene cura, la EPOC puede controlarse con h\u00e1bitos saludables, abandono del tabaco y seguimiento m\u00e9dico profesional. Identificar los s\u00edntomas a tiempo es fundamental para mejorar la calidad de vida de quienes la padecen.<\/p>\n\t\t<\/div>\n\t\t\n\t\t<a class=\"elementor-post__read-more\" href=\"https:\/\/centrocic.com\/en\/dia-mundial-de-la-epoc-un-llamado-a-cuidar-la-salud-respiratoria\/\" aria-label=\"Read more about D\u00eda Mundial de la EPOC: un llamado a cuidar la salud respiratoria\" tabindex=\"-1\" >\n\t\t\tSee more \u00bb\t\t<\/a>\n\n\t\t\t\t<\/div>\n\t\t\t\t<div class=\"elementor-post__meta-data\">\n\t\t\t\t\t<span class=\"elementor-post-date\">\n\t\t\t19 de November de 2025\t\t<\/span>\n\t\t\t\t<\/div>\n\t\t\t\t\t<\/div>\n\t\t<\/article>\n\t\t\t\t<\/div>\n\t\t\n\t\t\t\t<div class=\"e-load-more-anchor\" data-page=\"1\" data-max-page=\"6\" data-next-page=\"https:\/\/centrocic.com\/en\/wp-json\/wp\/v2\/pages\/581\/page\/2\/\"><\/div>\n\t\t\t\t<nav class=\"elementor-pagination\" aria-label=\"Pagination\">\n\t\t\t<span class=\"page-numbers prev\">&laquo; Anterior<\/span>\n<span aria-current=\"page\" class=\"page-numbers current\"><span class=\"elementor-screen-only\">Page<\/span>1<\/span>\n<a class=\"page-numbers\" href=\"https:\/\/centrocic.com\/en\/wp-json\/wp\/v2\/pages\/581\/page\/2\/\"><span class=\"elementor-screen-only\">Page<\/span>2<\/a>\n<a class=\"page-numbers\" href=\"https:\/\/centrocic.com\/en\/wp-json\/wp\/v2\/pages\/581\/page\/3\/\"><span class=\"elementor-screen-only\">Page<\/span>3<\/a>\n<a class=\"page-numbers\" href=\"https:\/\/centrocic.com\/en\/wp-json\/wp\/v2\/pages\/581\/page\/4\/\"><span class=\"elementor-screen-only\">Page<\/span>4<\/a>\n<a class=\"page-numbers\" href=\"https:\/\/centrocic.com\/en\/wp-json\/wp\/v2\/pages\/581\/page\/5\/\"><span class=\"elementor-screen-only\">Page<\/span>5<\/a>\n<a class=\"page-numbers next\" href=\"https:\/\/centrocic.com\/en\/wp-json\/wp\/v2\/pages\/581\/page\/2\/\">Siguiente &raquo;<\/a>\t\t<\/nav>\n\t\t\t\t\t\t<\/div>\n\t\t\t\t<\/div>\n\t\t\t\t\t<\/div>\n\t\t<\/div>\n\t\t\t\t\t<\/div>\n\t\t<\/section>\n\t\t\t\t<section class=\"elementor-section elementor-top-section elementor-element elementor-element-a8e2791 elementor-hidden-desktop elementor-hidden-laptop elementor-hidden-tablet elementor-section-boxed elementor-section-height-default elementor-section-height-default\" data-id=\"a8e2791\" data-element_type=\"section\" data-e-type=\"section\">\n\t\t\t\t\t\t<div class=\"elementor-container elementor-column-gap-default\">\n\t\t\t\t\t<div class=\"elementor-column elementor-col-100 elementor-top-column elementor-element elementor-element-6d4a417\" data-id=\"6d4a417\" data-element_type=\"column\" data-e-type=\"column\">\n\t\t\t<div class=\"elementor-widget-wrap elementor-element-populated\">\n\t\t\t\t\t\t<div class=\"elementor-element elementor-element-e17097e elementor-grid-3 elementor-grid-tablet-2 elementor-grid-mobile-1 elementor-posts--thumbnail-top elementor-card-shadow-yes elementor-posts__hover-gradient elementor-widget elementor-widget-posts\" data-id=\"e17097e\" data-element_type=\"widget\" data-e-type=\"widget\" data-settings=\"{&quot;pagination_type&quot;:&quot;numbers_and_prev_next&quot;,&quot;cards_columns&quot;:&quot;3&quot;,&quot;cards_columns_tablet&quot;:&quot;2&quot;,&quot;cards_columns_mobile&quot;:&quot;1&quot;,&quot;cards_row_gap&quot;:{&quot;unit&quot;:&quot;px&quot;,&quot;size&quot;:35,&quot;sizes&quot;:[]},&quot;cards_row_gap_laptop&quot;:{&quot;unit&quot;:&quot;px&quot;,&quot;size&quot;:&quot;&quot;,&quot;sizes&quot;:[]},&quot;cards_row_gap_tablet&quot;:{&quot;unit&quot;:&quot;px&quot;,&quot;size&quot;:&quot;&quot;,&quot;sizes&quot;:[]},&quot;cards_row_gap_mobile&quot;:{&quot;unit&quot;:&quot;px&quot;,&quot;size&quot;:&quot;&quot;,&quot;sizes&quot;:[]}}\" data-widget_type=\"posts.cards\">\n\t\t\t\t<div class=\"elementor-widget-container\">\n\t\t\t\t\t\t\t<div class=\"elementor-posts-container elementor-posts elementor-posts--skin-cards elementor-grid\" role=\"list\">\n\t\t\t\t<article class=\"elementor-post elementor-grid-item post-6728 post type-post status-publish format-standard has-post-thumbnail hentry category-general tag-centro-cic tag-consentimiento-informado tag-derechos-del-participante tag-estudios-clinicos tag-etica-en-investigacion tag-investigacion-clinica-responsable\" role=\"listitem\">\n\t\t\t<div class=\"elementor-post__card\">\n\t\t\t\t<a class=\"elementor-post__thumbnail__link\" href=\"https:\/\/centrocic.com\/en\/ensayos-clinicos-en-2026-fases-objetivos-y-que-significa-participar-2\/\" tabindex=\"-1\" ><div class=\"elementor-post__thumbnail\"><img loading=\"lazy\" decoding=\"async\" width=\"800\" height=\"534\" src=\"https:\/\/centrocic.com\/wp-content\/uploads\/2026\/02\/ChatGPT-Image-18-feb-2026-10_34_37-1024x683.png\" class=\"attachment-large size-large wp-image-6731\" alt=\"\" srcset=\"https:\/\/centrocic.com\/wp-content\/uploads\/2026\/02\/ChatGPT-Image-18-feb-2026-10_34_37-1024x683.png 1024w, https:\/\/centrocic.com\/wp-content\/uploads\/2026\/02\/ChatGPT-Image-18-feb-2026-10_34_37-300x200.png 300w, https:\/\/centrocic.com\/wp-content\/uploads\/2026\/02\/ChatGPT-Image-18-feb-2026-10_34_37-768x512.png 768w, https:\/\/centrocic.com\/wp-content\/uploads\/2026\/02\/ChatGPT-Image-18-feb-2026-10_34_37-18x12.png 18w, https:\/\/centrocic.com\/wp-content\/uploads\/2026\/02\/ChatGPT-Image-18-feb-2026-10_34_37.png 1536w\" sizes=\"(max-width: 800px) 100vw, 800px\" \/><\/div><\/a>\n\t\t\t\t<div class=\"elementor-post__badge\">General<\/div>\n\t\t\t\t<div class=\"elementor-post__text\">\n\t\t\t\t<h3 class=\"elementor-post__title\">\n\t\t\t<a href=\"https:\/\/centrocic.com\/en\/ensayos-clinicos-en-2026-fases-objetivos-y-que-significa-participar-2\/\" >\n\t\t\t\tEl consentimiento informado: base de la investigaci\u00f3n cl\u00ednica responsable\t\t\t<\/a>\n\t\t<\/h3>\n\t\t\t\t<div class=\"elementor-post__excerpt\">\n\t\t\t<p>El consentimiento informado es un proceso esencial en la investigaci\u00f3n cl\u00ednica. Centro CIC garantiza que cada participante reciba informaci\u00f3n clara y tome decisiones libres y conscientes.<\/p>\n\t\t<\/div>\n\t\t\n\t\t<a class=\"elementor-post__read-more\" href=\"https:\/\/centrocic.com\/en\/ensayos-clinicos-en-2026-fases-objetivos-y-que-significa-participar-2\/\" aria-label=\"Read more about El consentimiento informado: base de la investigaci\u00f3n cl\u00ednica responsable\" tabindex=\"-1\" >\n\t\t\tSee more \u00bb\t\t<\/a>\n\n\t\t\t\t<\/div>\n\t\t\t\t<div class=\"elementor-post__meta-data\">\n\t\t\t\t\t<span class=\"elementor-post-date\">\n\t\t\t27 de February de 2026\t\t<\/span>\n\t\t\t\t<\/div>\n\t\t\t\t\t<\/div>\n\t\t<\/article>\n\t\t\t\t<article class=\"elementor-post elementor-grid-item post-6721 post type-post status-publish format-standard has-post-thumbnail hentry category-general tag-centro-cic tag-estudios-clinicos-seguros tag-etica-en-ensayos-clinicos tag-investigacion-clinica-en-colombia tag-proteccion-de-participantes tag-seguridad-en-investigacion-clinica\" role=\"listitem\">\n\t\t\t<div class=\"elementor-post__card\">\n\t\t\t\t<a class=\"elementor-post__thumbnail__link\" href=\"https:\/\/centrocic.com\/en\/seguridad-y-etica-en-la-investigacion-clinica-con-seres-humanos\/\" tabindex=\"-1\" ><div class=\"elementor-post__thumbnail\"><img loading=\"lazy\" decoding=\"async\" width=\"800\" height=\"534\" src=\"https:\/\/centrocic.com\/wp-content\/uploads\/2026\/02\/ChatGPT-Image-18-feb-2026-10_30_05-1024x683.png\" class=\"attachment-large size-large wp-image-6724\" alt=\"\" srcset=\"https:\/\/centrocic.com\/wp-content\/uploads\/2026\/02\/ChatGPT-Image-18-feb-2026-10_30_05-1024x683.png 1024w, https:\/\/centrocic.com\/wp-content\/uploads\/2026\/02\/ChatGPT-Image-18-feb-2026-10_30_05-300x200.png 300w, https:\/\/centrocic.com\/wp-content\/uploads\/2026\/02\/ChatGPT-Image-18-feb-2026-10_30_05-768x512.png 768w, https:\/\/centrocic.com\/wp-content\/uploads\/2026\/02\/ChatGPT-Image-18-feb-2026-10_30_05-18x12.png 18w, https:\/\/centrocic.com\/wp-content\/uploads\/2026\/02\/ChatGPT-Image-18-feb-2026-10_30_05.png 1536w\" sizes=\"(max-width: 800px) 100vw, 800px\" \/><\/div><\/a>\n\t\t\t\t<div class=\"elementor-post__badge\">General<\/div>\n\t\t\t\t<div class=\"elementor-post__text\">\n\t\t\t\t<h3 class=\"elementor-post__title\">\n\t\t\t<a href=\"https:\/\/centrocic.com\/en\/seguridad-y-etica-en-la-investigacion-clinica-con-seres-humanos\/\" >\n\t\t\t\tSeguridad y \u00e9tica en la investigaci\u00f3n cl\u00ednica con seres humanos\t\t\t<\/a>\n\t\t<\/h3>\n\t\t\t\t<div class=\"elementor-post__excerpt\">\n\t\t\t<p>La seguridad y la \u00e9tica son pilares fundamentales de la investigaci\u00f3n cl\u00ednica. En Centro CIC, estos principios orientan cada estudio para proteger a los participantes y garantizar procesos responsables y confiables.<\/p>\n\t\t<\/div>\n\t\t\n\t\t<a class=\"elementor-post__read-more\" href=\"https:\/\/centrocic.com\/en\/seguridad-y-etica-en-la-investigacion-clinica-con-seres-humanos\/\" aria-label=\"Read more about Seguridad y \u00e9tica en la investigaci\u00f3n cl\u00ednica con seres humanos\" tabindex=\"-1\" >\n\t\t\tSee more \u00bb\t\t<\/a>\n\n\t\t\t\t<\/div>\n\t\t\t\t<div class=\"elementor-post__meta-data\">\n\t\t\t\t\t<span class=\"elementor-post-date\">\n\t\t\t10 de February de 2026\t\t<\/span>\n\t\t\t\t<\/div>\n\t\t\t\t\t<\/div>\n\t\t<\/article>\n\t\t\t\t<article class=\"elementor-post elementor-grid-item post-6695 post type-post status-publish format-standard has-post-thumbnail hentry category-general tag-centro-cic tag-ensayos-clinicos tag-estudios-clinicos tag-fases-de-los-ensayos-clinicos tag-investigacion-clinica tag-investigacion-medica-2026 tag-participacion-en-ensayos-clinicos\" role=\"listitem\">\n\t\t\t<div class=\"elementor-post__card\">\n\t\t\t\t<a class=\"elementor-post__thumbnail__link\" href=\"https:\/\/centrocic.com\/en\/ensayos-clinicos-en-2026-fases-objetivos-y-que-significa-participar\/\" tabindex=\"-1\" ><div class=\"elementor-post__thumbnail\"><img loading=\"lazy\" decoding=\"async\" width=\"800\" height=\"800\" src=\"https:\/\/centrocic.com\/wp-content\/uploads\/2026\/01\/Plantilla-Imagen-destacada-blog2.png\" class=\"attachment-large size-large wp-image-6680\" alt=\"\" srcset=\"https:\/\/centrocic.com\/wp-content\/uploads\/2026\/01\/Plantilla-Imagen-destacada-blog2.png 800w, https:\/\/centrocic.com\/wp-content\/uploads\/2026\/01\/Plantilla-Imagen-destacada-blog2-300x300.png 300w, https:\/\/centrocic.com\/wp-content\/uploads\/2026\/01\/Plantilla-Imagen-destacada-blog2-150x150.png 150w, https:\/\/centrocic.com\/wp-content\/uploads\/2026\/01\/Plantilla-Imagen-destacada-blog2-768x768.png 768w, https:\/\/centrocic.com\/wp-content\/uploads\/2026\/01\/Plantilla-Imagen-destacada-blog2-12x12.png 12w\" sizes=\"(max-width: 800px) 100vw, 800px\" \/><\/div><\/a>\n\t\t\t\t<div class=\"elementor-post__badge\">General<\/div>\n\t\t\t\t<div class=\"elementor-post__text\">\n\t\t\t\t<h3 class=\"elementor-post__title\">\n\t\t\t<a href=\"https:\/\/centrocic.com\/en\/ensayos-clinicos-en-2026-fases-objetivos-y-que-significa-participar\/\" >\n\t\t\t\tEnsayos cl\u00ednicos en 2026: fases, objetivos y qu\u00e9 significa participar\t\t\t<\/a>\n\t\t<\/h3>\n\t\t\t\t<div class=\"elementor-post__excerpt\">\n\t\t\t<p>Los ensayos cl\u00ednicos son estudios cient\u00edficos esenciales para el desarrollo de nuevos tratamientos. Conocer sus fases, objetivos y el significado de participar permite comprender su importancia en la investigaci\u00f3n cl\u00ednica en 2026.<\/p>\n\t\t<\/div>\n\t\t\n\t\t<a class=\"elementor-post__read-more\" href=\"https:\/\/centrocic.com\/en\/ensayos-clinicos-en-2026-fases-objetivos-y-que-significa-participar\/\" aria-label=\"Read more about Ensayos cl\u00ednicos en 2026: fases, objetivos y qu\u00e9 significa participar\" tabindex=\"-1\" >\n\t\t\tSee more \u00bb\t\t<\/a>\n\n\t\t\t\t<\/div>\n\t\t\t\t<div class=\"elementor-post__meta-data\">\n\t\t\t\t\t<span class=\"elementor-post-date\">\n\t\t\t1 de January de 2026\t\t<\/span>\n\t\t\t\t<\/div>\n\t\t\t\t\t<\/div>\n\t\t<\/article>\n\t\t\t\t<article class=\"elementor-post elementor-grid-item post-6690 post type-post status-publish format-standard has-post-thumbnail hentry category-general tag-centro-cic tag-centro-de-investigacion-clinica tag-estudios-clinicos tag-investigacion-clinica tag-investigacion-en-salud tag-investigacion-medica-en-colombia-2026\" role=\"listitem\">\n\t\t\t<div class=\"elementor-post__card\">\n\t\t\t\t<a class=\"elementor-post__thumbnail__link\" href=\"https:\/\/centrocic.com\/en\/investigacion-clinica-en-2026-que-es-y-por-que-es-clave-para-el-avance-de-la-salud\/\" tabindex=\"-1\" ><div class=\"elementor-post__thumbnail\"><img loading=\"lazy\" decoding=\"async\" width=\"800\" height=\"800\" src=\"https:\/\/centrocic.com\/wp-content\/uploads\/2026\/01\/Plantilla-Imagen-destacada-blog.png\" class=\"attachment-large size-large wp-image-6678\" alt=\"\" srcset=\"https:\/\/centrocic.com\/wp-content\/uploads\/2026\/01\/Plantilla-Imagen-destacada-blog.png 800w, https:\/\/centrocic.com\/wp-content\/uploads\/2026\/01\/Plantilla-Imagen-destacada-blog-300x300.png 300w, https:\/\/centrocic.com\/wp-content\/uploads\/2026\/01\/Plantilla-Imagen-destacada-blog-150x150.png 150w, https:\/\/centrocic.com\/wp-content\/uploads\/2026\/01\/Plantilla-Imagen-destacada-blog-768x768.png 768w, https:\/\/centrocic.com\/wp-content\/uploads\/2026\/01\/Plantilla-Imagen-destacada-blog-12x12.png 12w\" sizes=\"(max-width: 800px) 100vw, 800px\" \/><\/div><\/a>\n\t\t\t\t<div class=\"elementor-post__badge\">General<\/div>\n\t\t\t\t<div class=\"elementor-post__text\">\n\t\t\t\t<h3 class=\"elementor-post__title\">\n\t\t\t<a href=\"https:\/\/centrocic.com\/en\/investigacion-clinica-en-2026-que-es-y-por-que-es-clave-para-el-avance-de-la-salud\/\" >\n\t\t\t\tInvestigaci\u00f3n cl\u00ednica en 2026: qu\u00e9 es y por qu\u00e9 es clave para el avance de la salud\t\t\t<\/a>\n\t\t<\/h3>\n\t\t\t\t<div class=\"elementor-post__excerpt\">\n\t\t\t<p>La investigaci\u00f3n cl\u00ednica es un pilar fundamental para el desarrollo de nuevos tratamientos y el avance del conocimiento m\u00e9dico. En 2026, su rol contin\u00faa siendo esencial para mejorar la atenci\u00f3n en salud.<\/p>\n\t\t<\/div>\n\t\t\n\t\t<a class=\"elementor-post__read-more\" href=\"https:\/\/centrocic.com\/en\/investigacion-clinica-en-2026-que-es-y-por-que-es-clave-para-el-avance-de-la-salud\/\" aria-label=\"Read more about Investigaci\u00f3n cl\u00ednica en 2026: qu\u00e9 es y por qu\u00e9 es clave para el avance de la salud\" tabindex=\"-1\" >\n\t\t\tSee more \u00bb\t\t<\/a>\n\n\t\t\t\t<\/div>\n\t\t\t\t<div class=\"elementor-post__meta-data\">\n\t\t\t\t\t<span class=\"elementor-post-date\">\n\t\t\t1 de January de 2026\t\t<\/span>\n\t\t\t\t<\/div>\n\t\t\t\t\t<\/div>\n\t\t<\/article>\n\t\t\t\t<article class=\"elementor-post elementor-grid-item post-6648 post type-post status-publish format-standard has-post-thumbnail hentry category-general\" role=\"listitem\">\n\t\t\t<div class=\"elementor-post__card\">\n\t\t\t\t<a class=\"elementor-post__thumbnail__link\" href=\"https:\/\/centrocic.com\/en\/dia-internacional-del-medico-un-homenaje-a-quienes-transforman-la-salud\/\" tabindex=\"-1\" ><div class=\"elementor-post__thumbnail\"><img loading=\"lazy\" decoding=\"async\" width=\"800\" height=\"800\" src=\"https:\/\/centrocic.com\/wp-content\/uploads\/2025\/12\/WhatsApp-Image-2025-12-02-at-10.17.37-PM-1024x1024.jpeg\" class=\"attachment-large size-large wp-image-6650\" alt=\"\" srcset=\"https:\/\/centrocic.com\/wp-content\/uploads\/2025\/12\/WhatsApp-Image-2025-12-02-at-10.17.37-PM-1024x1024.jpeg 1024w, https:\/\/centrocic.com\/wp-content\/uploads\/2025\/12\/WhatsApp-Image-2025-12-02-at-10.17.37-PM-300x300.jpeg 300w, https:\/\/centrocic.com\/wp-content\/uploads\/2025\/12\/WhatsApp-Image-2025-12-02-at-10.17.37-PM-150x150.jpeg 150w, https:\/\/centrocic.com\/wp-content\/uploads\/2025\/12\/WhatsApp-Image-2025-12-02-at-10.17.37-PM-768x768.jpeg 768w, https:\/\/centrocic.com\/wp-content\/uploads\/2025\/12\/WhatsApp-Image-2025-12-02-at-10.17.37-PM-1536x1536.jpeg 1536w, https:\/\/centrocic.com\/wp-content\/uploads\/2025\/12\/WhatsApp-Image-2025-12-02-at-10.17.37-PM-12x12.jpeg 12w, https:\/\/centrocic.com\/wp-content\/uploads\/2025\/12\/WhatsApp-Image-2025-12-02-at-10.17.37-PM.jpeg 1600w\" sizes=\"(max-width: 800px) 100vw, 800px\" \/><\/div><\/a>\n\t\t\t\t<div class=\"elementor-post__badge\">General<\/div>\n\t\t\t\t<div class=\"elementor-post__text\">\n\t\t\t\t<h3 class=\"elementor-post__title\">\n\t\t\t<a href=\"https:\/\/centrocic.com\/en\/dia-internacional-del-medico-un-homenaje-a-quienes-transforman-la-salud\/\" >\n\t\t\t\tD\u00eda Internacional del M\u00e9dico: un homenaje a quienes transforman la salud\t\t\t<\/a>\n\t\t<\/h3>\n\t\t\t\t<div class=\"elementor-post__excerpt\">\n\t\t\t<p>En el D\u00eda Internacional del M\u00e9dico, el Centro de Investigaci\u00f3n Cl\u00ednica CIC rinde homenaje a quienes dedican su vida al cuidado, la ciencia y la salud de las personas. Su labor, guiada por la vocaci\u00f3n y el servicio, impulsa el avance m\u00e9dico y fortalece la confianza de miles de pacientes. Hoy agradecemos su entrega, humanidad y compromiso con la vida.<\/p>\n\t\t<\/div>\n\t\t\n\t\t<a class=\"elementor-post__read-more\" href=\"https:\/\/centrocic.com\/en\/dia-internacional-del-medico-un-homenaje-a-quienes-transforman-la-salud\/\" aria-label=\"Read more about D\u00eda Internacional del M\u00e9dico: un homenaje a quienes transforman la salud\" tabindex=\"-1\" >\n\t\t\tSee more \u00bb\t\t<\/a>\n\n\t\t\t\t<\/div>\n\t\t\t\t<div class=\"elementor-post__meta-data\">\n\t\t\t\t\t<span class=\"elementor-post-date\">\n\t\t\t3 de December de 2025\t\t<\/span>\n\t\t\t\t<\/div>\n\t\t\t\t\t<\/div>\n\t\t<\/article>\n\t\t\t\t<article class=\"elementor-post elementor-grid-item post-6477 post type-post status-publish format-standard has-post-thumbnail hentry category-general tag-centro-de-investigacion-clinica-cic-3 tag-dia-mundial-de-la-epoc tag-diagnostico-temprano tag-dificultad-para-respirar tag-enfermedad-pulmonar-obstructiva-cronica tag-enfermedades-respiratorias tag-epoc tag-factores-de-riesgo-epoc tag-prevencion-de-epoc tag-pulmones tag-salud-respiratoria tag-sintomas-de-epoc tag-tabaquismo\" role=\"listitem\">\n\t\t\t<div class=\"elementor-post__card\">\n\t\t\t\t<a class=\"elementor-post__thumbnail__link\" href=\"https:\/\/centrocic.com\/en\/dia-mundial-de-la-epoc-un-llamado-a-cuidar-la-salud-respiratoria\/\" tabindex=\"-1\" ><div class=\"elementor-post__thumbnail\"><img loading=\"lazy\" decoding=\"async\" width=\"786\" height=\"1024\" src=\"https:\/\/centrocic.com\/wp-content\/uploads\/2025\/11\/WhatsApp-Image-2025-11-19-at-9.12.13-AM-e1763663008278-786x1024.jpeg\" class=\"attachment-large size-large wp-image-6479\" alt=\"\" srcset=\"https:\/\/centrocic.com\/wp-content\/uploads\/2025\/11\/WhatsApp-Image-2025-11-19-at-9.12.13-AM-e1763663008278-786x1024.jpeg 786w, https:\/\/centrocic.com\/wp-content\/uploads\/2025\/11\/WhatsApp-Image-2025-11-19-at-9.12.13-AM-e1763663008278-230x300.jpeg 230w, https:\/\/centrocic.com\/wp-content\/uploads\/2025\/11\/WhatsApp-Image-2025-11-19-at-9.12.13-AM-e1763663008278-768x1001.jpeg 768w, https:\/\/centrocic.com\/wp-content\/uploads\/2025\/11\/WhatsApp-Image-2025-11-19-at-9.12.13-AM-e1763663008278-9x12.jpeg 9w, https:\/\/centrocic.com\/wp-content\/uploads\/2025\/11\/WhatsApp-Image-2025-11-19-at-9.12.13-AM-e1763663008278.jpeg 971w\" sizes=\"(max-width: 786px) 100vw, 786px\" \/><\/div><\/a>\n\t\t\t\t<div class=\"elementor-post__badge\">General<\/div>\n\t\t\t\t<div class=\"elementor-post__text\">\n\t\t\t\t<h3 class=\"elementor-post__title\">\n\t\t\t<a href=\"https:\/\/centrocic.com\/en\/dia-mundial-de-la-epoc-un-llamado-a-cuidar-la-salud-respiratoria\/\" >\n\t\t\t\tD\u00eda Mundial de la EPOC: un llamado a cuidar la salud respiratoria\t\t\t<\/a>\n\t\t<\/h3>\n\t\t\t\t<div class=\"elementor-post__excerpt\">\n\t\t\t<p>La Enfermedad Pulmonar Obstructiva Cr\u00f3nica (EPOC) es una afecci\u00f3n respiratoria progresiva que afecta la capacidad de las personas para respirar adecuadamente. Cada 19 de noviembre se conmemora el D\u00eda Mundial de la EPOC, una fecha creada para promover la prevenci\u00f3n, el diagn\u00f3stico temprano y el tratamiento oportuno. Aunque no tiene cura, la EPOC puede controlarse con h\u00e1bitos saludables, abandono del tabaco y seguimiento m\u00e9dico profesional. Identificar los s\u00edntomas a tiempo es fundamental para mejorar la calidad de vida de quienes la padecen.<\/p>\n\t\t<\/div>\n\t\t\n\t\t<a class=\"elementor-post__read-more\" href=\"https:\/\/centrocic.com\/en\/dia-mundial-de-la-epoc-un-llamado-a-cuidar-la-salud-respiratoria\/\" aria-label=\"Read more about D\u00eda Mundial de la EPOC: un llamado a cuidar la salud respiratoria\" tabindex=\"-1\" >\n\t\t\tSee more \u00bb\t\t<\/a>\n\n\t\t\t\t<\/div>\n\t\t\t\t<div class=\"elementor-post__meta-data\">\n\t\t\t\t\t<span class=\"elementor-post-date\">\n\t\t\t19 de November de 2025\t\t<\/span>\n\t\t\t\t<\/div>\n\t\t\t\t\t<\/div>\n\t\t<\/article>\n\t\t\t\t<\/div>\n\t\t\n\t\t\t\t<div class=\"e-load-more-anchor\" data-page=\"1\" data-max-page=\"6\" data-next-page=\"https:\/\/centrocic.com\/en\/wp-json\/wp\/v2\/pages\/581\/page\/2\/\"><\/div>\n\t\t\t\t<nav class=\"elementor-pagination\" aria-label=\"Pagination\">\n\t\t\t<span class=\"page-numbers prev\">&laquo; Previous<\/span>\n<span aria-current=\"page\" class=\"page-numbers current\"><span class=\"elementor-screen-only\">Page<\/span>1<\/span>\n<a class=\"page-numbers\" href=\"https:\/\/centrocic.com\/en\/wp-json\/wp\/v2\/pages\/581\/page\/2\/\"><span class=\"elementor-screen-only\">Page<\/span>2<\/a>\n<a class=\"page-numbers\" href=\"https:\/\/centrocic.com\/en\/wp-json\/wp\/v2\/pages\/581\/page\/3\/\"><span class=\"elementor-screen-only\">Page<\/span>3<\/a>\n<a class=\"page-numbers\" href=\"https:\/\/centrocic.com\/en\/wp-json\/wp\/v2\/pages\/581\/page\/4\/\"><span class=\"elementor-screen-only\">Page<\/span>4<\/a>\n<a class=\"page-numbers\" href=\"https:\/\/centrocic.com\/en\/wp-json\/wp\/v2\/pages\/581\/page\/5\/\"><span class=\"elementor-screen-only\">Page<\/span>5<\/a>\n<a class=\"page-numbers next\" href=\"https:\/\/centrocic.com\/en\/wp-json\/wp\/v2\/pages\/581\/page\/2\/\">Next &raquo;<\/a>\t\t<\/nav>\n\t\t\t\t\t\t<\/div>\n\t\t\t\t<\/div>\n\t\t\t\t\t<\/div>\n\t\t<\/div>\n\t\t\t\t\t<\/div>\n\t\t<\/section>\n\t\t\t\t<\/div>","protected":false},"excerpt":{"rendered":"","protected":false},"author":1,"featured_media":0,"parent":0,"menu_order":0,"comment_status":"closed","ping_status":"closed","template":"elementor_theme","meta":{"footnotes":""},"class_list":["post-581","page","type-page","status-publish","hentry"],"aioseo_notices":[],"_links":{"self":[{"href":"https:\/\/centrocic.com\/en\/wp-json\/wp\/v2\/pages\/581","targetHints":{"allow":["GET"]}}],"collection":[{"href":"https:\/\/centrocic.com\/en\/wp-json\/wp\/v2\/pages"}],"about":[{"href":"https:\/\/centrocic.com\/en\/wp-json\/wp\/v2\/types\/page"}],"author":[{"embeddable":true,"href":"https:\/\/centrocic.com\/en\/wp-json\/wp\/v2\/users\/1"}],"replies":[{"embeddable":true,"href":"https:\/\/centrocic.com\/en\/wp-json\/wp\/v2\/comments?post=581"}],"version-history":[{"count":61,"href":"https:\/\/centrocic.com\/en\/wp-json\/wp\/v2\/pages\/581\/revisions"}],"predecessor-version":[{"id":6521,"href":"https:\/\/centrocic.com\/en\/wp-json\/wp\/v2\/pages\/581\/revisions\/6521"}],"wp:attachment":[{"href":"https:\/\/centrocic.com\/en\/wp-json\/wp\/v2\/media?parent=581"}],"curies":[{"name":"wp","href":"https:\/\/api.w.org\/{rel}","templated":true}]}}